{"id":4415,"date":"2025-11-20T18:13:21","date_gmt":"2025-11-20T17:13:21","guid":{"rendered":"https:\/\/pritjvalita.dk\/pagina-de-inicio\/seminario-avanzado-de-kuji-in-v2\/"},"modified":"2025-12-05T17:45:08","modified_gmt":"2025-12-05T16:45:08","slug":"seminario-avanzado-de-kuji-in-v2","status":"publish","type":"page","link":"https:\/\/pritjvalita.dk\/es\/pagina-de-inicio\/seminario-avanzado-de-kuji-in-v2\/","title":{"rendered":"Seminario avanzado de Kuji-in"},"content":{"rendered":"\n<div class=\"wp-block-group has-theme-palette-3-color has-theme-palette-7-background-color has-text-color has-background has-link-color wp-elements-9542141f02f705e8ee919125e8606ae9\" style=\"border-style:none;border-width:0px;margin-top:0;margin-bottom:0;padding-top:7rem;padding-right:var(--wp--preset--spacing--50);padding-bottom:7rem;padding-left:var(--wp--preset--spacing--50)\"><div class=\"wp-block-group__inner-container is-layout-constrained wp-container-core-group-is-layout-f6f162cb wp-block-group-is-layout-constrained\">\n<div class=\"wp-block-group narrow-content\"><div class=\"wp-block-group__inner-container is-layout-constrained wp-block-group-is-layout-constrained\">\n<h1 class=\"wp-block-heading has-text-align-center has-theme-palette-13-color has-text-color has-link-color wp-elements-bd2c173e2f2dda9d7dedca2afedb3d6d\" style=\"font-size:100px\"><strong>&#8211; &#8211; CANCELADO &#8211; &#8211;<\/strong><\/h1>\n\n\n\n<h1 class=\"wp-block-heading\">Seminario avanzado online de Kuji-in<\/h1>\n\n\n\n<h2 class=\"wp-block-heading\">Profundizaci\u00f3n en los nueve sellos<\/h2>\n\n\n\n<p class=\"has-small-font-size\">Seminario online en directo de 2 d\u00edas \u2013 6 y 7 de diciembre, 15:00\u201321:00 CET &#8211; Con traducci\u00f3n simult\u00e1nea al espa\u00f1ol<\/p>\n\n\n\n<div class=\"wp-block-buttons is-content-justification-center is-layout-flex wp-container-core-buttons-is-layout-16018d1d wp-block-buttons-is-layout-flex\">\n<div class=\"wp-block-button\"><a class=\"wp-block-button__link wp-element-button\" href=\"https:\/\/pritjvalita.dk\/es\/pagina-de-inicio\/seminario-avanzado-de-kuji-in-v2\/\">Consiga su entrada<\/a><\/div>\n<\/div>\n<\/div><\/div>\n<\/div><\/div>\n\n<div class=\"wp-block-group\" style=\"padding-top:var(--wp--preset--spacing--40);padding-bottom:0\"><div class=\"wp-block-group__inner-container is-layout-constrained wp-block-group-is-layout-constrained\">\n<div class=\"wp-block-group narrow-content has-theme-palette-3-color has-text-color has-link-color wp-elements-467d18f7d7eb41228450411df397811f\" style=\"border-style:none;border-width:0px;margin-top:0;margin-bottom:0;padding-top:0;padding-right:0;padding-bottom:0;padding-left:0\"><div class=\"wp-block-group__inner-container is-layout-constrained wp-container-core-group-is-layout-f1253992 wp-block-group-is-layout-constrained\">\n<div class=\"wp-block-group\"><div class=\"wp-block-group__inner-container is-layout-constrained wp-block-group-is-layout-constrained\">\n<h2 class=\"wp-block-heading\">\u00bfPor qu\u00e9 este seminario?<\/h2>\n\n\n\n<p>Este seminario es para practicantes que desean que Kuji-In sea m\u00e1s que una t\u00e9cnica \u2013<br\/>que quieren que los sellos vivan en la columna vertebral, en la respiraci\u00f3n y en la vida diaria.<\/p>\n\n\n\n<p>Explore los elementos que hay detr\u00e1s de los dedos, <br\/>prepare el cuerpo y el sistema nervioso, <br\/>y sum\u00e9rjase en una profunda iniciaci\u00f3n en los nueve sellos.<\/p>\n<\/div><\/div>\n<\/div><\/div>\n<\/div><\/div>\n\n<div class=\"wp-block-group\"><div class=\"wp-block-group__inner-container is-layout-constrained wp-block-group-is-layout-constrained\">\n<div class=\"wp-block-group\"><div class=\"wp-block-group__inner-container is-layout-constrained wp-block-group-is-layout-constrained\">\n<div class=\"wp-block-group narrow-content\"><div class=\"wp-block-group__inner-container is-layout-constrained wp-block-group-is-layout-constrained\">\n<div class=\"wp-block-columns is-layout-flex wp-container-core-columns-is-layout-9d6595d7 wp-block-columns-is-layout-flex\">\n<div class=\"wp-block-column is-layout-flow wp-block-column-is-layout-flow\" style=\"flex-basis:33.34%\">\n<div class=\"wp-block-group pj-card\"><div class=\"wp-block-group__inner-container is-layout-constrained wp-block-group-is-layout-constrained\">\n<blockquote class=\"wp-block-quote is-layout-flow wp-block-quote-is-layout-flow\">\n<p>\u201cUno de los profesores m\u00e1s capacitados y con m\u00e1s conocimientos que he conocido\u201d<\/p>\n<cite>August Salvador<\/cite><\/blockquote>\n<\/div><\/div>\n<\/div>\n\n\n\n<div class=\"wp-block-column is-layout-flow wp-block-column-is-layout-flow\" style=\"flex-basis:33.33%\">\n<div class=\"wp-block-group pj-card\"><div class=\"wp-block-group__inner-container is-layout-constrained wp-block-group-is-layout-constrained\">\n<blockquote class=\"wp-block-quote is-layout-flow wp-block-quote-is-layout-flow\">\n<p>\u201cUn viaje de autoconocimiento, purificaci\u00f3n y reconexi\u00f3n con mi ser.\u201d<\/p>\n<cite>Rudy Aguilar<\/cite><\/blockquote>\n<\/div><\/div>\n<\/div>\n\n\n\n<div class=\"wp-block-column is-layout-flow wp-block-column-is-layout-flow\" style=\"flex-basis:33.33%\">\n<div class=\"wp-block-group pj-card\"><div class=\"wp-block-group__inner-container is-layout-constrained wp-block-group-is-layout-constrained\">\n<blockquote class=\"wp-block-quote is-layout-flow wp-block-quote-is-layout-flow\">\n<p>\u201cUna herramienta incre\u00edble para profundizar en m\u00ed mismo\u201d.<\/p>\n<cite>Ziggie-zophie munch<\/cite><\/blockquote>\n<\/div><\/div>\n<\/div>\n<\/div>\n<\/div><\/div>\n<\/div><\/div>\n<\/div><\/div>\n\n<div class=\"wp-block-group\"><div class=\"wp-block-group__inner-container is-layout-constrained wp-block-group-is-layout-constrained\">\n<div class=\"wp-block-group narrow-content has-theme-palette-3-color has-theme-palette-9-background-color has-text-color has-background has-link-color wp-elements-e9dd00c596b28c527fc7cfed94c1e34f\" style=\"border-style:none;border-width:0px;margin-top:0;margin-bottom:0;padding-top:0;padding-right:0;padding-bottom:0;padding-left:0\"><div class=\"wp-block-group__inner-container is-layout-constrained wp-container-core-group-is-layout-f1253992 wp-block-group-is-layout-constrained\">\n<h2 class=\"wp-block-heading\">\u00bfPara qui\u00e9n es este seminario?<\/h2>\n\n\n\n<p>Este es un <strong>seminario avanzado de Kuji-In<\/strong>.<\/p>\n\n\n\n<div class=\"wp-block-columns is-layout-flex wp-container-core-columns-is-layout-9d6595d7 wp-block-columns-is-layout-flex\">\n<div class=\"wp-block-column is-layout-flow wp-block-column-is-layout-flow\">\n<h4 class=\"wp-block-heading\">\u00bfTiene experiencia?<\/h4>\n\n\n\n<p>Se <strong>recomienda<\/strong> que:<\/p>\n\n\n\n<ul class=\"wp-block-list\">\n<li>Ya <strong>conoce la t\u00e9cnica Kuji-In<\/strong>, y<\/li>\n\n\n\n<li>O bien tenga:\n<ul class=\"wp-block-list\">\n<li>Experiencia practicando Kuji-In, <strong>o<\/strong><\/li>\n\n\n\n<li>Experiencia con el trabajo de <strong>Integraci\u00f3n Emocional<\/strong>.<\/li>\n<\/ul>\n<\/li>\n<\/ul>\n\n\n\n<p>No <strong>es<\/strong> necesario ser un maestro o un practicante \u201cperfecto\u201d.<br\/>Si es una persona seria, curiosa y dispuesta a practicar, ser\u00e1 bienvenido\/a.<\/p>\n<\/div>\n\n\n\n<div class=\"wp-block-column is-layout-flow wp-block-column-is-layout-flow\">\n<h4 class=\"wp-block-heading\">\u00bfEs nuevo en Kuji-in?<\/h4>\n\n\n\n<p>Si se siente atra\u00eddo por este trabajo pero es <strong>nuevo en Kuji-In<\/strong>, a\u00fan podemos hacerlo funcionar, pero necesitamos aumentar su eficiencia. Tiene la opci\u00f3n de: <\/p>\n\n\n\n<ul class=\"wp-block-list\">\n<li><strong>Unirse al autoestudio de Kuji-In con apoyo<\/strong> antes del seminario<\/li>\n\n\n\n<li>Su precio 90 \u20ac &#8211; Precio normal 120 \u20ac<\/li>\n<\/ul>\n\n\n\n<p>Recomendamos ver\/practicar al menos los primeros sellos antes del seminario, para que el trabajo avanzado tenga una base sobre la que construir.<\/p>\n<\/div>\n<\/div>\n\n\n\n<p><strong>Esto no es para usted si:<\/strong><\/p>\n\n\n\n<ul class=\"wp-block-list\">\n<li>Solo quiere una nueva t\u00e9cnica sin hacer el trabajo interior<\/li>\n\n\n\n<li>No tiene tiempo\/inter\u00e9s para practicar<\/li>\n<\/ul>\n<\/div><\/div>\n<\/div><\/div>\n\n<div class=\"wp-block-group\"><div class=\"wp-block-group__inner-container is-layout-constrained wp-block-group-is-layout-constrained\">\n<div class=\"wp-block-group narrow-content has-theme-palette-3-color has-text-color has-link-color wp-elements-a94282a6d8c2c74c3014cfb670320d98\" style=\"border-style:none;border-width:0px;margin-top:0;margin-bottom:0;padding-top:0;padding-right:0;padding-bottom:0;padding-left:0\"><div class=\"wp-block-group__inner-container is-layout-constrained wp-container-core-group-is-layout-f1253992 wp-block-group-is-layout-constrained\">\n<div class=\"wp-block-group pj-card\"><div class=\"wp-block-group__inner-container is-layout-constrained wp-block-group-is-layout-constrained\">\n<h2 class=\"wp-block-heading\">Fechas y horarios<\/h2>\n\n\n\n<ul class=\"wp-block-list\">\n<li><strong>Cu\u00e1ndo:<\/strong> 6 y 7 de diciembre<\/li>\n\n\n\n<li><strong>Hora:<\/strong> \n<ul class=\"wp-block-list\">\n<li>15:00 \u2013 21:00 CET ambos d\u00edas<\/li>\n\n\n\n<li>8:00 AM \u2013 14:00 CST (Ciudad de M\u00e9xico)<\/li>\n\n\n\n<li>7:00 AM \u2013 13:00 MST (El Paso)<\/li>\n<\/ul>\n<\/li>\n\n\n\n<li><strong>Formato:<\/strong> En directo en l\u00ednea (videoconferencia). Grabaciones de la repetici\u00f3n disponibles. <\/li>\n\n\n\n<li><strong>Idioma:<\/strong> Ingl\u00e9s, con <strong>traducci\u00f3n simult\u00e1nea al espa\u00f1ol<\/strong>.<\/li>\n<\/ul>\n\n\n\n<p>Se ha elegido esta hora tard\u00eda del d\u00eda para que sea adecuada para los estudiantes de EE. UU., M\u00e9xico y Latinoam\u00e9rica.<\/p>\n<\/div><\/div>\n<\/div><\/div>\n<\/div><\/div>\n\n<div class=\"wp-block-group\"><div class=\"wp-block-group__inner-container is-layout-constrained wp-block-group-is-layout-constrained\">\n<div class=\"wp-block-group narrow-content\"><div class=\"wp-block-group__inner-container is-layout-constrained wp-block-group-is-layout-constrained\">\n<h2 class=\"wp-block-heading\">Con qu\u00e9 trabajaremos<\/h2>\n\n\n\n<div class=\"wp-block-columns is-layout-flex wp-container-core-columns-is-layout-9d6595d7 wp-block-columns-is-layout-flex\">\n<div class=\"wp-block-column is-layout-flow wp-block-column-is-layout-flow\" style=\"flex-basis:33.34%\">\n<div class=\"wp-block-group pj-card\"><div class=\"wp-block-group__inner-container is-layout-constrained wp-block-group-is-layout-constrained\">\n<p><strong>Base elemental<\/strong><\/p>\n\n\n\n<ul class=\"wp-block-list\">\n<li>Comprensi\u00f3n de <strong>Mudra<\/strong> a trav\u00e9s de los cinco elementos, y c\u00f3mo las manos representan nuestra naturaleza humana y espiritual.<\/li>\n\n\n\n<li><strong>Despierte la columna vertebral<\/strong> con los ejercicios de los cinco elementos.<\/li>\n\n\n\n<li><strong>Danza del Drag\u00f3n<\/strong> &amp; los 5 Elementos<br\/>C\u00f3mo la Danza del Drag\u00f3n se relaciona con el trabajo de los elementos y c\u00f3mo usarla como preparaci\u00f3n diaria para Kuji-In.<\/li>\n<\/ul>\n\n\n\n<p>Para que el Qi pueda fluir sin obst\u00e1culos por su cuerpo<\/p>\n<\/div><\/div>\n<\/div>\n\n\n\n<div class=\"wp-block-column is-layout-flow wp-block-column-is-layout-flow\" style=\"flex-basis:33.33%\">\n<div class=\"wp-block-group pj-card\"><div class=\"wp-block-group__inner-container is-layout-constrained wp-block-group-is-layout-constrained\">\n<p><strong>Iniciaci\u00f3n e integraci\u00f3n<\/strong><\/p>\n\n\n\n<ul class=\"wp-block-list\">\n<li><strong>Iniciaci\u00f3n profunda en los 9 sellos<\/strong><br\/>Revisitamos RIN a ZEN de forma integrada \u2013<br\/>no solo repitiendo la t\u00e9cnica, sino abriendo la conciencia detr\u00e1s de cada sello.<\/li>\n\n\n\n<li><strong>Pr\u00e1ctica de integraci\u00f3n con los sellos<\/strong><br>C\u00f3mo llevar los sellos a:\n<ul class=\"wp-block-list\">\n<li>Integraci\u00f3n emocional<\/li>\n\n\n\n<li>Situaciones cotidianas<\/li>\n\n\n\n<li>La forma en que se relaciona consigo mismo y con los dem\u00e1s<\/li>\n<\/ul>\n<\/li>\n\n\n\n<li><strong>Iniciaci\u00f3n de poder con Kuji-Kiri<\/strong><\/li>\n<\/ul>\n\n\n\n<p>Para que el dharma pueda integrarse m\u00e1s plenamente en su vida<\/p>\n<\/div><\/div>\n<\/div>\n\n\n\n<div class=\"wp-block-column is-layout-flow wp-block-column-is-layout-flow\" style=\"flex-basis:33.33%\">\n<div class=\"wp-block-group pj-card\"><div class=\"wp-block-group__inner-container is-layout-constrained wp-block-group-is-layout-constrained\">\n<p><strong>Aceleraci\u00f3n<\/strong><\/p>\n\n\n\n<ul class=\"wp-block-list\">\n<li><strong>Respiraci\u00f3n avanzada y bandha<\/strong><br\/>Uso de patrones de respiraci\u00f3n espec\u00edficos y bandhas relacionados con la ra\u00edz, el plexo solar y la garganta para intensificar el movimiento del Qi y profundizar la pr\u00e1ctica de Kuji-In.<\/li>\n\n\n\n<li><strong>Trabajar con el campo grupal<\/strong><br\/>Utilizar el campo compartido de pr\u00e1ctica para amplificar la integraci\u00f3n y hacer que el trabajo interno sea m\u00e1s eficiente.<\/li>\n<\/ul>\n\n\n\n<p>Para que tenga una experiencia poderosa y eficiente<\/p>\n<\/div><\/div>\n<\/div>\n<\/div>\n<\/div><\/div>\n<\/div><\/div>\n\n<div class=\"wp-block-group\"><div class=\"wp-block-group__inner-container is-layout-constrained wp-block-group-is-layout-constrained\">\n<div class=\"wp-block-group narrow-content has-theme-palette-3-color has-text-color has-link-color wp-elements-5b90710c2d0a8d2cfba00d8ff54f7d55\" style=\"border-style:none;border-width:0px;margin-top:0;margin-bottom:0;padding-top:0;padding-right:0;padding-bottom:0;padding-left:0\"><div class=\"wp-block-group__inner-container is-layout-constrained wp-container-core-group-is-layout-f1253992 wp-block-group-is-layout-constrained\">\n<div class=\"wp-block-group pj-card\"><div class=\"wp-block-group__inner-container is-layout-constrained wp-block-group-is-layout-constrained\">\n<h2 class=\"wp-block-heading\">Acerca de su profesor<\/h2>\n\n\n\n<p>Prit Jvalita (Frank Jensen) ha practicado Kuji-In desde 2008 y ha estado ense\u00f1ando Kuji-In y meditaci\u00f3n a grupos e individuos durante m\u00e1s de 15 a\u00f1os. Es un Acharya ordenado en la tradici\u00f3n MahaJrya y ha guiado a muchos estudiantes a trav\u00e9s de trabajos tanto b\u00e1sicos como avanzados. <\/p>\n\n\n\n<p>En este seminario se beneficiar\u00e1 de:<\/p>\n\n\n\n<ul class=\"wp-block-list\">\n<li>Un profesor que conoce Kuji-In en el cuerpo, no solo como una t\u00e9cnica<\/li>\n\n\n\n<li>Larga experiencia con grupos en l\u00ednea y estudiantes internacionales<\/li>\n\n\n\n<li>Una forma clara y realista de explicar el trabajo energ\u00e9tico profundo<\/li>\n\n\n\n<li>Un fuerte enfoque en la seguridad, la integraci\u00f3n emocional y la aplicaci\u00f3n en la vida diaria<\/li>\n<\/ul>\n\n\n\n<p>Este trabajo est\u00e1 arraigado en la tradici\u00f3n MahaJrya, que se centra en lo que realmente funciona en la vida diaria, independientemente de d\u00f3nde provengan los m\u00e9todos. No hay ning\u00fan sistema de creencias que tenga que adoptar. Siempre est\u00e1 invitado a probar las pr\u00e1cticas en su propia experiencia, a su propio ritmo, con pleno respeto por sus l\u00edmites y libre albedr\u00edo.  <\/p>\n<\/div><\/div>\n<\/div><\/div>\n<\/div><\/div>\n\n<div class=\"wp-block-group\"><div class=\"wp-block-group__inner-container is-layout-constrained wp-block-group-is-layout-constrained\">\n<div class=\"wp-block-group narrow-content has-theme-palette-3-color has-text-color has-link-color wp-elements-e99420621c98b454270a91813edc4311\" style=\"border-style:none;border-width:0px;margin-top:0;margin-bottom:0;padding-top:0;padding-right:0;padding-bottom:0;padding-left:0\"><div class=\"wp-block-group__inner-container is-layout-constrained wp-container-core-group-is-layout-f1253992 wp-block-group-is-layout-constrained\">\n<h2 class=\"wp-block-heading\">Precio y acceso<\/h2>\n\n\n\n<ul class=\"wp-block-list\">\n<li><strong>Precio:<\/strong> 100 euros<\/li>\n\n\n\n<li><strong>Reserva anticipada:<\/strong> 80 euros hasta el 23 de noviembre a las 12:00 CET<\/li>\n\n\n\n<li><strong>Formato:<\/strong> Zoom. El enlace se proporcionar\u00e1 por correo electr\u00f3nico <\/li>\n\n\n\n<li><strong>Grabaciones:<\/strong> Acceso de por vida <\/li>\n<\/ul>\n<\/div><\/div>\n\n\n\n<div class=\"wp-block-buttons is-content-justification-center is-layout-flex wp-container-core-buttons-is-layout-16018d1d wp-block-buttons-is-layout-flex\">\n<div class=\"wp-block-button\"><a class=\"wp-block-button__link wp-element-button\" href=\"https:\/\/pritjvalita.dk\/es\/pagina-de-inicio\/seminario-avanzado-de-kuji-in-v2\/\">Consiga su entrada<\/a><\/div>\n<\/div>\n<\/div><\/div>\n\n<div class=\"wp-block-group\"><div class=\"wp-block-group__inner-container is-layout-constrained wp-block-group-is-layout-constrained\">\n<div class=\"wp-block-group narrow-content has-theme-palette-3-color has-text-color has-link-color wp-elements-3e662892e097aa09ec927b2fc8fd1b85\" style=\"border-style:none;border-width:0px;margin-top:0;margin-bottom:0;padding-top:0;padding-right:0;padding-bottom:0;padding-left:0\"><div class=\"wp-block-group__inner-container is-layout-constrained wp-container-core-group-is-layout-f1253992 wp-block-group-is-layout-constrained\">\n<div class=\"wp-block-group pj-card\"><div class=\"wp-block-group__inner-container is-layout-constrained wp-block-group-is-layout-constrained\">\n<h2 class=\"wp-block-heading\">Oferta especial<\/h2>\n\n\n\n<p>Si a\u00fan no tiene acceso al <strong>Autoestudio de Kuji-In con soporte<\/strong>, puede a\u00f1adirlo como oferta especial:<\/p>\n\n\n\n<ul class=\"wp-block-list\">\n<li><strong>Precio normal independiente:<\/strong> 120 \u20ac<\/li>\n\n\n\n<li><strong>Su precio como participante del seminario:<\/strong> <strong>90 \u20ac<\/strong><\/li>\n<\/ul>\n\n\n\n<p><strong>C\u00f3mo obtener la oferta especial:<\/strong><\/p>\n\n\n\n<ol class=\"wp-block-list\">\n<li>Realice un pago de <strong>90 \u20ac<\/strong> (a trav\u00e9s del formulario de donaci\u00f3n)<\/li>\n\n\n\n<li>A\u00f1ada el siguiente mensaje: <strong>\u201cAutoestudio de Kuji-In\u201d<\/strong><\/li>\n\n\n\n<li>Despu\u00e9s del pago, recibir\u00e1 un correo electr\u00f3nico con acceso al curso.<\/li>\n<\/ol>\n\n\n\n<p>(Encontrar\u00e1 los detalles y el enlace para este pago en el correo electr\u00f3nico de registro del seminario).<\/p>\n\n\n\n<p>Este es el mismo curso de autoestudio mencionado anteriormente.<\/p>\n<\/div><\/div>\n<\/div><\/div>\n<\/div><\/div>\n\n<div class=\"wp-block-group has-theme-palette-7-background-color has-background\"><div class=\"wp-block-group__inner-container is-layout-constrained wp-block-group-is-layout-constrained\">\n<div class=\"wp-block-group narrow-content has-theme-palette-3-color has-text-color has-link-color wp-elements-b9a5016892c88f3dc493d2e49aa666d0\" style=\"border-style:none;border-width:0px;margin-top:0;margin-bottom:0;padding-top:0;padding-right:0;padding-bottom:0;padding-left:0\"><div class=\"wp-block-group__inner-container is-layout-constrained wp-container-core-group-is-layout-f1253992 wp-block-group-is-layout-constrained\">\n<h2 class=\"wp-block-heading\">Reg\u00edstrese<\/h2>\n\n\n\n<div class=\"wp-block-buttons is-content-justification-center is-layout-flex wp-container-core-buttons-is-layout-16018d1d wp-block-buttons-is-layout-flex\">\n<div class=\"wp-block-button\"><a class=\"wp-block-button__link wp-element-button\" href=\"https:\/\/pritjvalita.dk\/es\/pagina-de-inicio\/seminario-avanzado-de-kuji-in-v2\/\">Consiga su entrada<\/a><\/div>\n<\/div>\n<\/div><\/div>\n<\/div><\/div>\n","protected":false},"excerpt":{"rendered":"<p>&#8211; &#8211; CANCELADO &#8211; &#8211; Seminario avanzado online de Kuji-in Profundizaci\u00f3n en los nueve sellos Seminario online en directo de 2 d\u00edas \u2013 6 y 7 de diciembre, 15:00\u201321:00 CET&#8230;<\/p>\n","protected":false},"author":1,"featured_media":0,"parent":4183,"menu_order":0,"comment_status":"closed","ping_status":"closed","template":"","meta":{"_bbp_topic_count":0,"_bbp_reply_count":0,"_bbp_total_topic_count":0,"_bbp_total_reply_count":0,"_bbp_voice_count":0,"_bbp_anonymous_reply_count":0,"_bbp_topic_count_hidden":0,"_bbp_reply_count_hidden":0,"_bbp_forum_subforum_count":0,"pmpro_default_level":"","_price":"","_stock":"","_tribe_ticket_header":"","_tribe_default_ticket_provider":"","_tribe_ticket_capacity":"0","_ticket_start_date":"","_ticket_end_date":"","_tribe_ticket_show_description":"","_tribe_ticket_show_not_going":false,"_tribe_ticket_use_global_stock":"","_tribe_ticket_global_stock_level":"","_global_stock_mode":"","_global_stock_cap":"","_tribe_rsvp_for_event":"","_tribe_ticket_going_count":"","_tribe_ticket_not_going_count":"","_tribe_tickets_list":"[]","_tribe_ticket_has_attendee_info_fields":false,"_EventAllDay":false,"_EventTimezone":"","_EventStartDate":"","_EventEndDate":"","_EventStartDateUTC":"","_EventEndDateUTC":"","_EventShowMap":false,"_EventShowMapLink":false,"_EventURL":"","_EventCost":"","_EventCostDescription":"","_EventCurrencySymbol":"","_EventCurrencyCode":"","_EventCurrencyPosition":"","_EventDateTimeSeparator":"","_EventTimeRangeSeparator":"","_EventOrganizerID":[],"_EventVenueID":[],"_OrganizerEmail":"","_OrganizerPhone":"","_OrganizerWebsite":"","_VenueAddress":"","_VenueCity":"","_VenueCountry":"","_VenueProvince":"","_VenueState":"","_VenueZip":"","_VenuePhone":"","_VenueURL":"","_VenueStateProvince":"","_VenueLat":"","_VenueLng":"","_VenueShowMap":false,"_VenueShowMapLink":false,"_kadence_starter_templates_imported_post":false,"_kad_post_transparent":"","_kad_post_title":"","_kad_post_layout":"","_kad_post_sidebar_id":"","_kad_post_content_style":"","_kad_post_vertical_padding":"","_kad_post_feature":"","_kad_post_feature_position":"","_kad_post_header":false,"_kad_post_footer":false,"_kad_post_classname":"","footnotes":"","_tec_slr_enabled":"","_tec_slr_layout":""},"class_list":["post-4415","page","type-page","status-publish","hentry","pmpro-has-access"],"ticketed":false,"_links":{"self":[{"href":"https:\/\/pritjvalita.dk\/es\/wp-json\/wp\/v2\/pages\/4415","targetHints":{"allow":["GET"]}}],"collection":[{"href":"https:\/\/pritjvalita.dk\/es\/wp-json\/wp\/v2\/pages"}],"about":[{"href":"https:\/\/pritjvalita.dk\/es\/wp-json\/wp\/v2\/types\/page"}],"author":[{"embeddable":true,"href":"https:\/\/pritjvalita.dk\/es\/wp-json\/wp\/v2\/users\/1"}],"replies":[{"embeddable":true,"href":"https:\/\/pritjvalita.dk\/es\/wp-json\/wp\/v2\/comments?post=4415"}],"version-history":[{"count":28,"href":"https:\/\/pritjvalita.dk\/es\/wp-json\/wp\/v2\/pages\/4415\/revisions"}],"predecessor-version":[{"id":4642,"href":"https:\/\/pritjvalita.dk\/es\/wp-json\/wp\/v2\/pages\/4415\/revisions\/4642"}],"up":[{"embeddable":true,"href":"https:\/\/pritjvalita.dk\/es\/wp-json\/wp\/v2\/pages\/4183"}],"wp:attachment":[{"href":"https:\/\/pritjvalita.dk\/es\/wp-json\/wp\/v2\/media?parent=4415"}],"curies":[{"name":"wp","href":"https:\/\/api.w.org\/{rel}","templated":true}]}}