{"id":4417,"date":"2025-11-20T18:13:21","date_gmt":"2025-11-20T17:13:21","guid":{"rendered":"https:\/\/pritjvalita.dk\/landingsside\/kuji-in-avanceret-seminar-v2\/"},"modified":"2025-12-05T17:45:09","modified_gmt":"2025-12-05T16:45:09","slug":"kuji-in-avanceret-seminar-v2","status":"publish","type":"page","link":"https:\/\/pritjvalita.dk\/da\/landingsside\/kuji-in-avanceret-seminar-v2\/","title":{"rendered":"Avanceret seminar om Kuji-in"},"content":{"rendered":"\n<div class=\"wp-block-group has-theme-palette-3-color has-theme-palette-7-background-color has-text-color has-background has-link-color wp-elements-5148a4022674896955673d6b1f226639\" style=\"border-style:none;border-width:0px;margin-top:0;margin-bottom:0;padding-top:7rem;padding-right:var(--wp--preset--spacing--50);padding-bottom:7rem;padding-left:var(--wp--preset--spacing--50)\"><div class=\"wp-block-group__inner-container is-layout-constrained wp-container-core-group-is-layout-f6f162cb wp-block-group-is-layout-constrained\">\n<div class=\"wp-block-group narrow-content\"><div class=\"wp-block-group__inner-container is-layout-constrained wp-block-group-is-layout-constrained\">\n<h1 class=\"wp-block-heading has-text-align-center has-theme-palette-13-color has-text-color has-link-color wp-elements-75007bc006d4a43eac8fe4ff61874849\" style=\"font-size:100px\"><strong>&#8211; &#8211; AFLYST &#8211; &#8211;<\/strong><\/h1>\n\n\n\n<h1 class=\"wp-block-heading\">Kuji-in avanceret online seminar<\/h1>\n\n\n\n<h2 class=\"wp-block-heading\">Fordybelse i de ni segl<\/h2>\n\n\n\n<p class=\"has-small-font-size\">2-dages live online seminar \u2013 6. &amp; 7. december, 15:00-21:00 CET &#8211; Med live spansk overs\u00e6ttelse<\/p>\n\n\n\n<div class=\"wp-block-buttons is-content-justification-center is-layout-flex wp-container-core-buttons-is-layout-16018d1d wp-block-buttons-is-layout-flex\">\n<div class=\"wp-block-button\"><a class=\"wp-block-button__link wp-element-button\" href=\"https:\/\/pritjvalita.dk\/da\/landingsside\/kuji-in-avanceret-seminar-v2\/\">F\u00e5 din billet<\/a><\/div>\n<\/div>\n<\/div><\/div>\n<\/div><\/div>\n\n<div class=\"wp-block-group\" style=\"padding-top:var(--wp--preset--spacing--40);padding-bottom:0\"><div class=\"wp-block-group__inner-container is-layout-constrained wp-block-group-is-layout-constrained\">\n<div class=\"wp-block-group narrow-content has-theme-palette-3-color has-text-color has-link-color wp-elements-af58a38655c79e64d6503f83f9ee0e71\" style=\"border-style:none;border-width:0px;margin-top:0;margin-bottom:0;padding-top:0;padding-right:0;padding-bottom:0;padding-left:0\"><div class=\"wp-block-group__inner-container is-layout-constrained wp-container-core-group-is-layout-f1253992 wp-block-group-is-layout-constrained\">\n<div class=\"wp-block-group\"><div class=\"wp-block-group__inner-container is-layout-constrained wp-block-group-is-layout-constrained\">\n<h2 class=\"wp-block-heading\">Hvorfor dette seminar<\/h2>\n\n\n\n<p>Dette seminar er for ud\u00f8vere, der \u00f8nsker, at Kuji-In skal v\u00e6re mere end en teknik \u2013<br\/>der \u00f8nsker, at seglene skal leve i rygs\u00f8jlen, i \u00e5ndedr\u00e6ttet og i dagligdagen.<\/p>\n\n\n\n<p>Udforsk elementerne bag fingrene, <br\/>forbered kroppen og nervesystemet, <br\/>og dyk ned i en dyb indvielse i alle ni segl.<\/p>\n<\/div><\/div>\n<\/div><\/div>\n<\/div><\/div>\n\n<div class=\"wp-block-group\"><div class=\"wp-block-group__inner-container is-layout-constrained wp-block-group-is-layout-constrained\">\n<div class=\"wp-block-group\"><div class=\"wp-block-group__inner-container is-layout-constrained wp-block-group-is-layout-constrained\">\n<div class=\"wp-block-group narrow-content\"><div class=\"wp-block-group__inner-container is-layout-constrained wp-block-group-is-layout-constrained\">\n<div class=\"wp-block-columns is-layout-flex wp-container-core-columns-is-layout-9d6595d7 wp-block-columns-is-layout-flex\">\n<div class=\"wp-block-column is-layout-flow wp-block-column-is-layout-flow\" style=\"flex-basis:33.34%\">\n<div class=\"wp-block-group pj-card\"><div class=\"wp-block-group__inner-container is-layout-constrained wp-block-group-is-layout-constrained\">\n<blockquote class=\"wp-block-quote is-layout-flow wp-block-quote-is-layout-flow\">\n<p>\u201cEn af de mest dygtige og vidende undervisere, jeg har m\u00f8dt.\u201d<\/p>\n<cite>August Salvador<\/cite><\/blockquote>\n<\/div><\/div>\n<\/div>\n\n\n\n<div class=\"wp-block-column is-layout-flow wp-block-column-is-layout-flow\" style=\"flex-basis:33.33%\">\n<div class=\"wp-block-group pj-card\"><div class=\"wp-block-group__inner-container is-layout-constrained wp-block-group-is-layout-constrained\">\n<blockquote class=\"wp-block-quote is-layout-flow wp-block-quote-is-layout-flow\">\n<p>\u201cEn rejse mod selvindsigt, renselse og genforbindelse med mit v\u00e6sen.\u201d<\/p>\n<cite>Rudy Aguilar<\/cite><\/blockquote>\n<\/div><\/div>\n<\/div>\n\n\n\n<div class=\"wp-block-column is-layout-flow wp-block-column-is-layout-flow\" style=\"flex-basis:33.33%\">\n<div class=\"wp-block-group pj-card\"><div class=\"wp-block-group__inner-container is-layout-constrained wp-block-group-is-layout-constrained\">\n<blockquote class=\"wp-block-quote is-layout-flow wp-block-quote-is-layout-flow\">\n<p>&#8220;Et utroligt redskab til at g\u00e5 dybt ind i mig selv.&#8221;<\/p>\n<cite>Ziggie-Zophie Munch<\/cite><\/blockquote>\n<\/div><\/div>\n<\/div>\n<\/div>\n<\/div><\/div>\n<\/div><\/div>\n<\/div><\/div>\n\n<div class=\"wp-block-group\"><div class=\"wp-block-group__inner-container is-layout-constrained wp-block-group-is-layout-constrained\">\n<div class=\"wp-block-group narrow-content has-theme-palette-3-color has-theme-palette-9-background-color has-text-color has-background has-link-color wp-elements-5786f4f39a1a90478476643fcad47a22\" style=\"border-style:none;border-width:0px;margin-top:0;margin-bottom:0;padding-top:0;padding-right:0;padding-bottom:0;padding-left:0\"><div class=\"wp-block-group__inner-container is-layout-constrained wp-container-core-group-is-layout-f1253992 wp-block-group-is-layout-constrained\">\n<h2 class=\"wp-block-heading\">Hvem dette seminar er for<\/h2>\n\n\n\n<p>Dette er et <strong>avanceret Kuji-In seminar<\/strong>.<\/p>\n\n\n\n<div class=\"wp-block-columns is-layout-flex wp-container-core-columns-is-layout-9d6595d7 wp-block-columns-is-layout-flex\">\n<div class=\"wp-block-column is-layout-flow wp-block-column-is-layout-flow\">\n<h4 class=\"wp-block-heading\">Erfaren?<\/h4>\n\n\n\n<p>Det <strong>anbefales<\/strong>, at du:<\/p>\n\n\n\n<ul class=\"wp-block-list\">\n<li>Kender allerede <strong>Kuji-In-teknikken<\/strong>, og<\/li>\n\n\n\n<li>Enten har:\n<ul class=\"wp-block-list\">\n<li>Erfaring med at praktisere Kuji-In, <strong>eller<\/strong><\/li>\n\n\n\n<li>Erfaring med <strong>Emotional Integration<\/strong> arbejde.<\/li>\n<\/ul>\n<\/li>\n<\/ul>\n\n\n\n<p>Du beh\u00f8ver <strong>ikke<\/strong> at v\u00e6re en mester eller &#8220;perfekt&#8221; ud\u00f8ver.<br\/>Hvis du er seri\u00f8s, nysgerrig og villig til at praktisere, er du velkommen.<\/p>\n<\/div>\n\n\n\n<div class=\"wp-block-column is-layout-flow wp-block-column-is-layout-flow\">\n<h4 class=\"wp-block-heading\">Ny til Kuji-in?<\/h4>\n\n\n\n<p>Hvis du er tiltrukket af dette arbejde, men <strong>ny til Kuji-In<\/strong>, kan vi stadig f\u00e5 det til at fungere, men vi skal \u00f8ge din effektivitet. Du har mulighed for at: <\/p>\n\n\n\n<ul class=\"wp-block-list\">\n<li><strong>Tilmeld dig Kuji-In selvstudie med support<\/strong> f\u00f8r seminaret<\/li>\n\n\n\n<li>Din pris 90 \u20ac &#8211; Normal pris 120 \u20ac<\/li>\n<\/ul>\n\n\n\n<p>Vi anbefaler, at du som minimum ser\/gennemg\u00e5r de f\u00f8rste segl inden seminaret, s\u00e5 det avancerede arbejde har noget at bygge p\u00e5.<\/p>\n<\/div>\n<\/div>\n\n\n\n<p><strong>Dette er ikke for dig, hvis:<\/strong><\/p>\n\n\n\n<ul class=\"wp-block-list\">\n<li>Du blot \u00f8nsker en ny teknik uden at udf\u00f8re det indre arbejde<\/li>\n\n\n\n<li>Du ikke har tid\/interesse i at \u00f8ve dig<\/li>\n<\/ul>\n<\/div><\/div>\n<\/div><\/div>\n\n<div class=\"wp-block-group\"><div class=\"wp-block-group__inner-container is-layout-constrained wp-block-group-is-layout-constrained\">\n<div class=\"wp-block-group narrow-content has-theme-palette-3-color has-text-color has-link-color wp-elements-9fc55b8f1d6523b373bff9546c65f09a\" style=\"border-style:none;border-width:0px;margin-top:0;margin-bottom:0;padding-top:0;padding-right:0;padding-bottom:0;padding-left:0\"><div class=\"wp-block-group__inner-container is-layout-constrained wp-container-core-group-is-layout-f1253992 wp-block-group-is-layout-constrained\">\n<div class=\"wp-block-group pj-card\"><div class=\"wp-block-group__inner-container is-layout-constrained wp-block-group-is-layout-constrained\">\n<h2 class=\"wp-block-heading\">Datoer &amp; tider<\/h2>\n\n\n\n<ul class=\"wp-block-list\">\n<li><strong>Hvorn\u00e5r:<\/strong> 6. og 7. december<\/li>\n\n\n\n<li><strong>Tid:<\/strong> \n<ul class=\"wp-block-list\">\n<li>15:00 \u2013 21:00 CET begge dage<\/li>\n\n\n\n<li>8:00 \u2013 14:00 CST (Mexico City)<\/li>\n\n\n\n<li>7:00 \u2013 13:00 MST (El Paso)<\/li>\n<\/ul>\n<\/li>\n\n\n\n<li><strong>Format:<\/strong> Live online (videokonference). Optagelser tilg\u00e6ngelige. <\/li>\n\n\n\n<li><strong>Sprog:<\/strong> Engelsk, med <strong>live spansk overs\u00e6ttelse<\/strong>.<\/li>\n<\/ul>\n\n\n\n<p>Det senere tidspunkt p\u00e5 dagen er valgt for at passe til studerende i USA, Mexico og Latinamerika.<\/p>\n<\/div><\/div>\n<\/div><\/div>\n<\/div><\/div>\n\n<div class=\"wp-block-group\"><div class=\"wp-block-group__inner-container is-layout-constrained wp-block-group-is-layout-constrained\">\n<div class=\"wp-block-group narrow-content\"><div class=\"wp-block-group__inner-container is-layout-constrained wp-block-group-is-layout-constrained\">\n<h2 class=\"wp-block-heading\">Hvad vi vil arbejde med<\/h2>\n\n\n\n<div class=\"wp-block-columns is-layout-flex wp-container-core-columns-is-layout-9d6595d7 wp-block-columns-is-layout-flex\">\n<div class=\"wp-block-column is-layout-flow wp-block-column-is-layout-flow\" style=\"flex-basis:33.34%\">\n<div class=\"wp-block-group pj-card\"><div class=\"wp-block-group__inner-container is-layout-constrained wp-block-group-is-layout-constrained\">\n<p><strong>Element\u00e6rt grundlag<\/strong><\/p>\n\n\n\n<ul class=\"wp-block-list\">\n<li><strong>Mudra<\/strong>-forst\u00e5else gennem de fem elementer, og hvordan h\u00e6nderne kortl\u00e6gger vores menneskelige og spirituelle natur.<\/li>\n\n\n\n<li><strong>V\u00e6k rygs\u00f8jlen<\/strong> med de fem element-\u00f8velser.<\/li>\n\n\n\n<li><strong>Dragon Dance<\/strong> &amp; de 5 Elementer<br\/>Hvordan Dragon Dance relaterer til elementarbejdet og hvordan man bruger det som daglig forberedelse til Kuji-In.<\/li>\n<\/ul>\n\n\n\n<p>S\u00e5 Qi kan flyde uhindret gennem din krop<\/p>\n<\/div><\/div>\n<\/div>\n\n\n\n<div class=\"wp-block-column is-layout-flow wp-block-column-is-layout-flow\" style=\"flex-basis:33.33%\">\n<div class=\"wp-block-group pj-card\"><div class=\"wp-block-group__inner-container is-layout-constrained wp-block-group-is-layout-constrained\">\n<p><strong>Initiering &amp; integration<\/strong><\/p>\n\n\n\n<ul class=\"wp-block-list\">\n<li><strong>Dyb indvielse i alle 9 segl<\/strong><br\/>Vi genbes\u00f8ger RIN til ZEN p\u00e5 en integreret m\u00e5de \u2013<br\/>ikke bare gentage teknikken, men \u00e5bne bevidstheden bag hvert segl.<\/li>\n\n\n\n<li><strong>Integrationspraksis med seglene<\/strong><br>Hvordan man bringer seglene ind i:\n<ul class=\"wp-block-list\">\n<li>Emotionel integration<\/li>\n\n\n\n<li>Hverdagssituationer<\/li>\n\n\n\n<li>M\u00e5den du relaterer til dig selv og andre<\/li>\n<\/ul>\n<\/li>\n\n\n\n<li><strong>Kraftindvielse med Kuji-Kiri<\/strong><\/li>\n<\/ul>\n\n\n\n<p>S\u00e5 dharmaen kan integreres mere fuldst\u00e6ndigt i dit liv<\/p>\n<\/div><\/div>\n<\/div>\n\n\n\n<div class=\"wp-block-column is-layout-flow wp-block-column-is-layout-flow\" style=\"flex-basis:33.33%\">\n<div class=\"wp-block-group pj-card\"><div class=\"wp-block-group__inner-container is-layout-constrained wp-block-group-is-layout-constrained\">\n<p><strong>Acceleration<\/strong><\/p>\n\n\n\n<ul class=\"wp-block-list\">\n<li><strong>Avanceret vejrtr\u00e6kning og bandha<\/strong><br\/>Brug af specifikke vejrtr\u00e6knings-m\u00f8nstre og bandhaer relateret til roden, solar plexus og halsen for at intensivere Qi-bev\u00e6gelse og fordybe Kuji-In-praksis.<\/li>\n\n\n\n<li><strong>Arbejde med gruppefeltet<\/strong><br\/>Brug af det delte praksisfelt til at forst\u00e6rke integrationen og g\u00f8re det indre arbejde mere effektivt.<\/li>\n<\/ul>\n\n\n\n<p>S\u00e5 du f\u00e5r en kraftfuld og effektiv oplevelse<\/p>\n<\/div><\/div>\n<\/div>\n<\/div>\n<\/div><\/div>\n<\/div><\/div>\n\n<div class=\"wp-block-group\"><div class=\"wp-block-group__inner-container is-layout-constrained wp-block-group-is-layout-constrained\">\n<div class=\"wp-block-group narrow-content has-theme-palette-3-color has-text-color has-link-color wp-elements-469512fb25572e436ca44793359b5dcc\" style=\"border-style:none;border-width:0px;margin-top:0;margin-bottom:0;padding-top:0;padding-right:0;padding-bottom:0;padding-left:0\"><div class=\"wp-block-group__inner-container is-layout-constrained wp-container-core-group-is-layout-f1253992 wp-block-group-is-layout-constrained\">\n<div class=\"wp-block-group pj-card\"><div class=\"wp-block-group__inner-container is-layout-constrained wp-block-group-is-layout-constrained\">\n<h2 class=\"wp-block-heading\">Om din l\u00e6rer<\/h2>\n\n\n\n<p>Prit Jvalita (Frank Jensen) har praktiseret Kuji-In siden 2008 og har undervist i Kuji-In og meditation for grupper og enkeltpersoner i mere end 15 \u00e5r. Han er en ordineret Acharya i MahaJrya-traditionen og har vejledt mange elever gennem b\u00e5de grundl\u00e6ggende og avanceret arbejde. <\/p>\n\n\n\n<p>I dette seminar drager De fordel af:<\/p>\n\n\n\n<ul class=\"wp-block-list\">\n<li>En l\u00e6rer, der kender Kuji-In i kroppen, ikke kun som en teknik<\/li>\n\n\n\n<li>Lang erfaring med online grupper og internationale studerende<\/li>\n\n\n\n<li>En klar og jordn\u00e6r m\u00e5de at forklare dybt energetisk arbejde p\u00e5<\/li>\n\n\n\n<li>Et st\u00e6rkt fokus p\u00e5 sikkerhed, f\u00f8lelsesm\u00e6ssig integration og anvendelse i dagligdagen<\/li>\n<\/ul>\n\n\n\n<p>Dette arbejde er rodf\u00e6stet i MahaJrya-traditionen, som fokuserer p\u00e5, hvad der faktisk virker i dagligdagen, uanset hvor metoderne kommer fra. Der er intet trossystem, De skal adoptere. De inviteres altid til at afpr\u00f8ve \u00f8velserne i Deres egen erfaring, i Deres eget tempo, med fuld respekt for Deres gr\u00e6nser og frie vilje.  <\/p>\n<\/div><\/div>\n<\/div><\/div>\n<\/div><\/div>\n\n<div class=\"wp-block-group\"><div class=\"wp-block-group__inner-container is-layout-constrained wp-block-group-is-layout-constrained\">\n<div class=\"wp-block-group narrow-content has-theme-palette-3-color has-text-color has-link-color wp-elements-e5da354053101cbaf047de7b959f183e\" style=\"border-style:none;border-width:0px;margin-top:0;margin-bottom:0;padding-top:0;padding-right:0;padding-bottom:0;padding-left:0\"><div class=\"wp-block-group__inner-container is-layout-constrained wp-container-core-group-is-layout-f1253992 wp-block-group-is-layout-constrained\">\n<h2 class=\"wp-block-heading\">Pris og adgang<\/h2>\n\n\n\n<ul class=\"wp-block-list\">\n<li><strong>Pris:<\/strong> 100 euro<\/li>\n\n\n\n<li><strong>Early Bird:<\/strong> 80 euro indtil 23. november, 12:00 CET<\/li>\n\n\n\n<li><strong>Format:<\/strong> Zoom. Link vil blive leveret via e-mail <\/li>\n\n\n\n<li><strong>Optagelser:<\/strong> Livstidsadgang <\/li>\n<\/ul>\n<\/div><\/div>\n\n\n\n<div class=\"wp-block-buttons is-content-justification-center is-layout-flex wp-container-core-buttons-is-layout-16018d1d wp-block-buttons-is-layout-flex\">\n<div class=\"wp-block-button\"><a class=\"wp-block-button__link wp-element-button\" href=\"https:\/\/pritjvalita.dk\/da\/landingsside\/kuji-in-avanceret-seminar-v2\/\">F\u00e5 din billet<\/a><\/div>\n<\/div>\n<\/div><\/div>\n\n<div class=\"wp-block-group\"><div class=\"wp-block-group__inner-container is-layout-constrained wp-block-group-is-layout-constrained\">\n<div class=\"wp-block-group narrow-content has-theme-palette-3-color has-text-color has-link-color wp-elements-56f70c17c78289efd79c8be5b8af0295\" style=\"border-style:none;border-width:0px;margin-top:0;margin-bottom:0;padding-top:0;padding-right:0;padding-bottom:0;padding-left:0\"><div class=\"wp-block-group__inner-container is-layout-constrained wp-container-core-group-is-layout-f1253992 wp-block-group-is-layout-constrained\">\n<div class=\"wp-block-group pj-card\"><div class=\"wp-block-group__inner-container is-layout-constrained wp-block-group-is-layout-constrained\">\n<h2 class=\"wp-block-heading\">S\u00e6rligt tilbud<\/h2>\n\n\n\n<p>Hvis du endnu ikke har adgang til <strong>Kuji-In Selvstudie Med Support<\/strong>, kan du tilf\u00f8je det som et s\u00e6rligt tilbud:<\/p>\n\n\n\n<ul class=\"wp-block-list\">\n<li><strong>Normal selvst\u00e6ndig pris:<\/strong> 120 \u20ac<\/li>\n\n\n\n<li><strong>Din pris som seminardeltager:<\/strong> <strong>90 \u20ac<\/strong><\/li>\n<\/ul>\n\n\n\n<p><strong>S\u00e5dan f\u00e5r du det s\u00e6rlige tilbud:<\/strong><\/p>\n\n\n\n<ol class=\"wp-block-list\">\n<li>Foretag en betaling p\u00e5 <strong>90 \u20ac<\/strong> (via donationsformularen)<\/li>\n\n\n\n<li>Tilf\u00f8j beskedteksten: <strong>\u201cKuji-In Selvstudie\u201d<\/strong><\/li>\n\n\n\n<li>Efter betaling vil du modtage en e-mail med adgang til kurset.<\/li>\n<\/ol>\n\n\n\n<p>(Detaljer og link til denne betaling vil v\u00e6re i din seminar-registrerings-e-mail.)<\/p>\n\n\n\n<p>Dette er det samme selvstudie-kursus, som er n\u00e6vnt ovenfor.<\/p>\n<\/div><\/div>\n<\/div><\/div>\n<\/div><\/div>\n\n<div class=\"wp-block-group has-theme-palette-7-background-color has-background\"><div class=\"wp-block-group__inner-container is-layout-constrained wp-block-group-is-layout-constrained\">\n<div class=\"wp-block-group narrow-content has-theme-palette-3-color has-text-color has-link-color wp-elements-13399187acbd4018475c625c0e3e0fb7\" style=\"border-style:none;border-width:0px;margin-top:0;margin-bottom:0;padding-top:0;padding-right:0;padding-bottom:0;padding-left:0\"><div class=\"wp-block-group__inner-container is-layout-constrained wp-container-core-group-is-layout-f1253992 wp-block-group-is-layout-constrained\">\n<h2 class=\"wp-block-heading\">Tilmeld dig<\/h2>\n\n\n\n<div class=\"wp-block-buttons is-content-justification-center is-layout-flex wp-container-core-buttons-is-layout-16018d1d wp-block-buttons-is-layout-flex\">\n<div class=\"wp-block-button\"><a class=\"wp-block-button__link wp-element-button\" href=\"https:\/\/pritjvalita.dk\/da\/landingsside\/kuji-in-avanceret-seminar-v2\/\">F\u00e5 din billet<\/a><\/div>\n<\/div>\n<\/div><\/div>\n<\/div><\/div>\n","protected":false},"excerpt":{"rendered":"<p>&#8211; &#8211; AFLYST &#8211; &#8211; Kuji-in avanceret online seminar Fordybelse i de ni segl 2-dages live online seminar \u2013 6. &amp; 7. december, 15:00-21:00 CET &#8211; Med live spansk overs\u00e6ttelse&#8230;<\/p>\n","protected":false},"author":1,"featured_media":0,"parent":4184,"menu_order":0,"comment_status":"closed","ping_status":"closed","template":"","meta":{"_bbp_topic_count":0,"_bbp_reply_count":0,"_bbp_total_topic_count":0,"_bbp_total_reply_count":0,"_bbp_voice_count":0,"_bbp_anonymous_reply_count":0,"_bbp_topic_count_hidden":0,"_bbp_reply_count_hidden":0,"_bbp_forum_subforum_count":0,"pmpro_default_level":"","_price":"","_stock":"","_tribe_ticket_header":"","_tribe_default_ticket_provider":"","_tribe_ticket_capacity":"0","_ticket_start_date":"","_ticket_end_date":"","_tribe_ticket_show_description":"","_tribe_ticket_show_not_going":false,"_tribe_ticket_use_global_stock":"","_tribe_ticket_global_stock_level":"","_global_stock_mode":"","_global_stock_cap":"","_tribe_rsvp_for_event":"","_tribe_ticket_going_count":"","_tribe_ticket_not_going_count":"","_tribe_tickets_list":"[]","_tribe_ticket_has_attendee_info_fields":false,"_EventAllDay":false,"_EventTimezone":"","_EventStartDate":"","_EventEndDate":"","_EventStartDateUTC":"","_EventEndDateUTC":"","_EventShowMap":false,"_EventShowMapLink":false,"_EventURL":"","_EventCost":"","_EventCostDescription":"","_EventCurrencySymbol":"","_EventCurrencyCode":"","_EventCurrencyPosition":"","_EventDateTimeSeparator":"","_EventTimeRangeSeparator":"","_EventOrganizerID":[],"_EventVenueID":[],"_OrganizerEmail":"","_OrganizerPhone":"","_OrganizerWebsite":"","_VenueAddress":"","_VenueCity":"","_VenueCountry":"","_VenueProvince":"","_VenueState":"","_VenueZip":"","_VenuePhone":"","_VenueURL":"","_VenueStateProvince":"","_VenueLat":"","_VenueLng":"","_VenueShowMap":false,"_VenueShowMapLink":false,"_kadence_starter_templates_imported_post":false,"_kad_post_transparent":"","_kad_post_title":"","_kad_post_layout":"","_kad_post_sidebar_id":"","_kad_post_content_style":"","_kad_post_vertical_padding":"","_kad_post_feature":"","_kad_post_feature_position":"","_kad_post_header":false,"_kad_post_footer":false,"_kad_post_classname":"","footnotes":"","_tec_slr_enabled":"","_tec_slr_layout":""},"class_list":["post-4417","page","type-page","status-publish","hentry","pmpro-has-access"],"ticketed":false,"_links":{"self":[{"href":"https:\/\/pritjvalita.dk\/da\/wp-json\/wp\/v2\/pages\/4417","targetHints":{"allow":["GET"]}}],"collection":[{"href":"https:\/\/pritjvalita.dk\/da\/wp-json\/wp\/v2\/pages"}],"about":[{"href":"https:\/\/pritjvalita.dk\/da\/wp-json\/wp\/v2\/types\/page"}],"author":[{"embeddable":true,"href":"https:\/\/pritjvalita.dk\/da\/wp-json\/wp\/v2\/users\/1"}],"replies":[{"embeddable":true,"href":"https:\/\/pritjvalita.dk\/da\/wp-json\/wp\/v2\/comments?post=4417"}],"version-history":[{"count":29,"href":"https:\/\/pritjvalita.dk\/da\/wp-json\/wp\/v2\/pages\/4417\/revisions"}],"predecessor-version":[{"id":4643,"href":"https:\/\/pritjvalita.dk\/da\/wp-json\/wp\/v2\/pages\/4417\/revisions\/4643"}],"up":[{"embeddable":true,"href":"https:\/\/pritjvalita.dk\/da\/wp-json\/wp\/v2\/pages\/4184"}],"wp:attachment":[{"href":"https:\/\/pritjvalita.dk\/da\/wp-json\/wp\/v2\/media?parent=4417"}],"curies":[{"name":"wp","href":"https:\/\/api.w.org\/{rel}","templated":true}]}}